{"id":6947,"date":"2026-09-01T15:43:02","date_gmt":"2026-09-01T13:43:02","guid":{"rendered":"https:\/\/studiorizoma.org\/?post_type=event&#038;p=6947"},"modified":"2026-09-01T15:49:27","modified_gmt":"2026-09-01T13:49:27","slug":"symposium-shaken-grounds-at-the-edge-of-form","status":"publish","type":"event","link":"https:\/\/studiorizoma.org\/it\/eventi\/symposium-shaken-grounds-at-the-edge-of-form\/","title":{"rendered":"Symposium: Shaken Grounds. At the Edge of Form"},"content":{"rendered":"<p class=\"isSelectedEnd\">Dal 3 al 6 settembre 2026, Gibellina ospiter\u00e0 <strong>\u201cShaken Grounds: At the Edge of Form\u201d<\/strong>, un programma di quattro giorni di incontri dedicati al tema della convivenza con l\u2019incertezza sismica. L\u2019iniziativa riunir\u00e0 residenti locali, artisti, scrittori, filosofi, curatori e geofisici per esplorare i concetti di memoria, vulnerabilit\u00e0 e trasformazione in un territorio segnato dal terremoto del Bel\u00ecce del 1968.<\/p>\n<h2>Simposio: Shaken Grounds. At the Edge of Form<\/h2>\n<p class=\"isSelectedEnd\"><strong>9:30<\/strong><br \/>\nCaff\u00e8 di benvenuto<\/p>\n<p class=\"isSelectedEnd\"><strong>10:00<\/strong><br \/>\n<strong>Saluti di apertura<\/strong><br \/>\nClaudio Saponara, Project Officer, Commissione Europea<\/p>\n<p class=\"isSelectedEnd\"><strong>10:15\u201310:40<\/strong><br \/>\n<strong>Dov\u2019\u00e8 il confine della forma?<\/strong><br \/>\nLucie Strecker, artista e ricercatrice, University of Applied Arts Vienna<\/p>\n<p class=\"isSelectedEnd\"><strong>10:40\u201311:00<\/strong><br \/>\n<strong>Domande sulle domande<\/strong><br \/>\nOlga Bach, scrittrice, Fondazione Studio Rizoma, Palermo<\/p>\n<p class=\"isSelectedEnd\"><strong>11:00\u201311:20<\/strong><br \/>\n<strong>Tra paura e speranza: dalla fragilit\u00e0 sismica alla consapevolezza e alla risposta<\/strong><br \/>\nAlessandro Amato, geofisico e sismologo, INGV, Roma<\/p>\n<p class=\"isSelectedEnd\"><strong>11:20\u201311:40<\/strong><br \/>\n<strong>Il cuore della Terra \u00e8 un cane da fuoco? Sismografie dell\u2019inafferrabile<\/strong><br \/>\nNikolaus Gansterer, artista e ricercatore, University of Applied Arts Vienna<\/p>\n<p class=\"isSelectedEnd\"><strong>11:40\u201312:00<\/strong><br \/>\n<strong>Isola Ferdinandea: l\u2019ontopoetica dell\u2019emersione e della scomparsa<\/strong><br \/>\nLorenzo Marsili, filosofo e direttore, Berggruen Institute Europe, Fondazione Studio Rizoma<\/p>\n<p class=\"isSelectedEnd\"><strong>12:00\u201312:20<\/strong><br \/>\n<strong>Riverberazioni incarnate tra le oecologie delle onde sismiche \u2013 Quali epistemologie emergono tra tremore e trauma?<\/strong><br \/>\nMariella Greil, artista e ricercatrice, University of Applied Arts Vienna<\/p>\n<p class=\"isSelectedEnd\"><strong>12:20\u201312:40<\/strong><br \/>\n<strong>Lettura di luce<\/strong><br \/>\nVictor Jaschke, filmmaker indipendente<br \/>\nMariella Greil, artista e ricercatrice, University of Applied Arts Vienna<\/p>\n<p class=\"isSelectedEnd\"><strong>12:40\u201313:40<\/strong><br \/>\nPausa pranzo<\/p>\n<p class=\"isSelectedEnd\"><strong>13:40\u201314:00<\/strong><br \/>\n<strong>Territori instabili: pratiche artistiche dalla Croazia nel contesto del progetto Shaken Grounds<\/strong><br \/>\nVesna Me\u0161tri\u0107, storica dell\u2019arte e direttrice, Museum of Contemporary Art Zagreb (MSU)<\/p>\n<p class=\"isSelectedEnd\"><strong>14:00\u201314:30<\/strong><br \/>\n<strong>Volcanic Attitude \u201cVibrant Elements\u201d: un festival nomade che attiva trasformazioni permanenti \u2013 Conversazione e proiezione video<\/strong><br \/>\nHelga Franza, Susanna Ravelli, Giulia Restifo, team curatoriale, Volcanic Attitude Festival<\/p>\n<p><strong>14:30\u201315:00<\/strong><br \/>\n<strong>Discussione conclusiva<\/strong>, moderata da Vesna Me\u0161tri\u0107<\/p>\n","protected":false},"featured_media":6948,"template":"","_links":{"self":[{"href":"https:\/\/studiorizoma.org\/it\/wp-json\/wp\/v2\/event\/6947"}],"collection":[{"href":"https:\/\/studiorizoma.org\/it\/wp-json\/wp\/v2\/event"}],"about":[{"href":"https:\/\/studiorizoma.org\/it\/wp-json\/wp\/v2\/types\/event"}],"wp:featuredmedia":[{"embeddable":true,"href":"https:\/\/studiorizoma.org\/it\/wp-json\/wp\/v2\/media\/6948"}],"wp:attachment":[{"href":"https:\/\/studiorizoma.org\/it\/wp-json\/wp\/v2\/media?parent=6947"}],"curies":[{"name":"wp","href":"https:\/\/api.w.org\/{rel}","templated":true}]}}